






{"id":11866,"date":"2024-10-22T16:31:38","date_gmt":"2024-10-22T14:31:38","guid":{"rendered":"https:\/\/www.festivaldimorgana.it\/web\/tc-events\/rinaldo-e-cavaliere-2\/"},"modified":"2024-11-07T13:40:04","modified_gmt":"2024-11-07T12:40:04","slug":"rinaldo-e-cavaliere-2","status":"publish","type":"tc_events","link":"https:\/\/www.festivaldimorgana.it\/web\/tc-events\/rinaldo-e-cavaliere-2\/","title":{"rendered":"Rinaldo \u00e8 cavaliere"},"content":{"rendered":"\n<p><strong>PALERMO<\/strong><\/p>\n\n\n\n<p><strong>Teatro dei pupi Kemonia&nbsp;<\/strong><\/p>\n\n\n\n<p><strong>Venerd\u00ec 15 novembre ore 16.30<\/strong><strong><br><\/strong><strong>Sabato 16 novembre ore 16.30<\/strong><\/p>\n\n\n\n<p><strong>Domenica 17 novembre ore 16.30<\/strong><\/p>\n\n\n\n<p><strong>Venerd\u00ec 22 novembre ore 16.30<\/strong><\/p>\n\n\n\n<p><strong>Sabato 23 novembre ore 16.30<\/strong><\/p>\n\n\n\n<p><strong><em>Rinaldo \u00e8 cavaliere<\/em><\/strong><\/p>\n\n\n\n<p>Il negromante Malagigi, sorpreso da strani segnali, si reca nella grotta dove, grazie alle sue arti oscure, convoca al suo cospetto il diavolo Nacalone. Egli lo informer\u00e0 che \u00e8 ormai giunto il momento che Rinaldo, cugino del mago, diventi un cavaliere. Dopo aver ascoltato le parole del demone, Malagigi decide di aiutare il cugino a diventare un paladino, facendolo entrare in possesso del cavallo Baiardo e della spada Fusberta, grazie alle armi realizzate di finissima tempra dai diavoli dell\u2019inferno. Seguito dal negromante, Rinaldo dar\u00e0 prova di gran valore e forza d\u2019animo, portando a termine le prove che faranno di lui un vero e impavido cavaliere.&nbsp;<\/p>\n\n\n\n<p><strong>Compagnia Franco Cuticchio figlio d&#8217;arte<\/strong><\/p>\n\n\n\n<p>Franco Cuticchio (Termini Imerese, 1964) appartiene a una storica famiglia di pupari. \u00c8 attivo sul palcoscenico fin dall\u2019et\u00e0 di cinque anni, quando d\u00e0 la voce ad un angioletto. A otto anni ottiene il ruolo di secondo oprante e inizia a seguire assiduamente il padre Girolamo (1933), suo maestro, in tutti i suoi spettacoli. Alla fine del 2019 Franco riapre le porte del teatro di famiglia, acquistato da Girolamo negli anni Ottanta del Novecento e chiuso dopo oltre dieci anni di attivit\u00e0. Oggi collaborano con lui i suoi due figli, Girolamo ed Helenia, e il padre Girolamo in qualit\u00e0 di presidente onorario dell\u2019Associazione. Franco si dedica inoltre alla realizzazione delle strutture e delle macchine sceniche, alla scultura e all\u2019intaglio del legno e alla costruzione delle armature dei pupi. Girolamo si dedica alla pittura degli scenari e alla realizzazione di nuovi copioni, di cui Franco cura la regia. Helenia realizza secondo le antiche tecniche gli abiti e gli arredamenti di scena.<\/p>\n\n\n\n<div class=\"wp-block-buttons is-content-justification-center is-layout-flex wp-container-core-buttons-is-layout-a89b3969 wp-block-buttons-is-layout-flex\">\n<div class=\"wp-block-button\"><a class=\"wp-block-button__link wp-element-button\" href=\"https:\/\/www.operadeipupi.it\/biglietteria-morgana-2024\/\" target=\"_blank\" rel=\"noreferrer noopener\">Prenota adesso<\/a><\/div>\n<\/div>\n","protected":false},"featured_media":12030,"template":"","meta":{"_uag_custom_page_level_css":"","site-sidebar-layout":"default","site-content-layout":"","ast-site-content-layout":"default","site-content-style":"default","site-sidebar-style":"default","ast-global-header-display":"","ast-banner-title-visibility":"","ast-main-header-display":"","ast-hfb-above-header-display":"","ast-hfb-below-header-display":"","ast-hfb-mobile-header-display":"","site-post-title":"","ast-breadcrumbs-content":"","ast-featured-img":"","footer-sml-layout":"","theme-transparent-header-meta":"","adv-header-id-meta":"","stick-header-meta":"","header-above-stick-meta":"","header-main-stick-meta":"","header-below-stick-meta":"","astra-migrate-meta-layouts":"set","ast-page-background-enabled":"default","ast-page-background-meta":{"desktop":{"background-color":"","background-image":"","background-repeat":"repeat","background-position":"center center","background-size":"auto","background-attachment":"scroll","background-type":"","background-media":"","overlay-type":"","overlay-color":"","overlay-opacity":"","overlay-gradient":""},"tablet":{"background-color":"","background-image":"","background-repeat":"repeat","background-position":"center center","background-size":"auto","background-attachment":"scroll","background-type":"","background-media":"","overlay-type":"","overlay-color":"","overlay-opacity":"","overlay-gradient":""},"mobile":{"background-color":"","background-image":"","background-repeat":"repeat","background-position":"center center","background-size":"auto","background-attachment":"scroll","background-type":"","background-media":"","overlay-type":"","overlay-color":"","overlay-opacity":"","overlay-gradient":""}},"ast-content-background-meta":{"desktop":{"background-color":"var(--ast-global-color-5)","background-image":"","background-repeat":"repeat","background-position":"center center","background-size":"auto","background-attachment":"scroll","background-type":"","background-media":"","overlay-type":"","overlay-color":"","overlay-opacity":"","overlay-gradient":""},"tablet":{"background-color":"var(--ast-global-color-5)","background-image":"","background-repeat":"repeat","background-position":"center center","background-size":"auto","background-attachment":"scroll","background-type":"","background-media":"","overlay-type":"","overlay-color":"","overlay-opacity":"","overlay-gradient":""},"mobile":{"background-color":"var(--ast-global-color-5)","background-image":"","background-repeat":"repeat","background-position":"center center","background-size":"auto","background-attachment":"scroll","background-type":"","background-media":"","overlay-type":"","overlay-color":"","overlay-opacity":"","overlay-gradient":""}}},"event_category":[35,21],"class_list":["post-11866","tc_events","type-tc_events","status-publish","has-post-thumbnail","hentry","event_category-morgana-2024","event_category-palermo"],"yoast_head":"<!-- This site is optimized with the Yoast SEO plugin v23.7 - https:\/\/yoast.com\/wordpress\/plugins\/seo\/ -->\n<title>Rinaldo \u00e8 cavaliere - 50\u00b0 Festival di Morgana<\/title>\n<meta name=\"robots\" content=\"noindex, follow\" \/>\n<meta property=\"og:locale\" content=\"it_IT\" \/>\n<meta property=\"og:type\" content=\"article\" \/>\n<meta property=\"og:title\" content=\"Rinaldo \u00e8 cavaliere - 50\u00b0 Festival di Morgana\" \/>\n<meta property=\"og:description\" content=\"PALERMO Teatro dei pupi Kemonia&nbsp; Venerd\u00ec 15 novembre ore 16.30Sabato 16 novembre ore 16.30 Domenica 17 novembre ore 16.30 Venerd\u00ec 22 novembre ore 16.30 Sabato 23 novembre ore 16.30 Rinaldo \u00e8 cavaliere Il negromante Malagigi, sorpreso da strani segnali, si reca nella grotta dove, grazie alle sue arti oscure, convoca al suo cospetto il diavolo [&hellip;]\" \/>\n<meta property=\"og:url\" content=\"https:\/\/www.festivaldimorgana.it\/web\/tc-events\/rinaldo-e-cavaliere-2\/\" \/>\n<meta property=\"og:site_name\" content=\"50\u00b0 Festival di Morgana\" \/>\n<meta property=\"article:publisher\" content=\"https:\/\/www.facebook.com\/MuseoMarionette\" \/>\n<meta property=\"article:modified_time\" content=\"2024-11-07T12:40:04+00:00\" \/>\n<meta property=\"og:image\" content=\"https:\/\/www.festivaldimorgana.it\/web\/wp-content\/uploads\/2024\/10\/1.Rinaldo-e-cavaliere-scaled-1.jpg\" \/>\n\t<meta property=\"og:image:width\" content=\"2560\" \/>\n\t<meta property=\"og:image:height\" content=\"1181\" \/>\n\t<meta property=\"og:image:type\" content=\"image\/jpeg\" \/>\n<meta name=\"twitter:card\" content=\"summary_large_image\" \/>\n<meta name=\"twitter:label1\" content=\"Tempo di lettura stimato\" \/>\n\t<meta name=\"twitter:data1\" content=\"2 minuti\" \/>\n<script type=\"application\/ld+json\" class=\"yoast-schema-graph\">{\"@context\":\"https:\/\/schema.org\",\"@graph\":[{\"@type\":\"WebPage\",\"@id\":\"https:\/\/www.festivaldimorgana.it\/web\/tc-events\/rinaldo-e-cavaliere-2\/\",\"url\":\"https:\/\/www.festivaldimorgana.it\/web\/tc-events\/rinaldo-e-cavaliere-2\/\",\"name\":\"Rinaldo \u00e8 cavaliere - 50\u00b0 Festival di Morgana\",\"isPartOf\":{\"@id\":\"https:\/\/www.festivaldimorgana.it\/web\/#website\"},\"primaryImageOfPage\":{\"@id\":\"https:\/\/www.festivaldimorgana.it\/web\/tc-events\/rinaldo-e-cavaliere-2\/#primaryimage\"},\"image\":{\"@id\":\"https:\/\/www.festivaldimorgana.it\/web\/tc-events\/rinaldo-e-cavaliere-2\/#primaryimage\"},\"thumbnailUrl\":\"https:\/\/www.festivaldimorgana.it\/web\/wp-content\/uploads\/2024\/10\/1.Rinaldo-e-cavaliere-scaled-1.jpg\",\"datePublished\":\"2024-10-22T14:31:38+00:00\",\"dateModified\":\"2024-11-07T12:40:04+00:00\",\"breadcrumb\":{\"@id\":\"https:\/\/www.festivaldimorgana.it\/web\/tc-events\/rinaldo-e-cavaliere-2\/#breadcrumb\"},\"inLanguage\":\"it-IT\",\"potentialAction\":[{\"@type\":\"ReadAction\",\"target\":[\"https:\/\/www.festivaldimorgana.it\/web\/tc-events\/rinaldo-e-cavaliere-2\/\"]}]},{\"@type\":\"ImageObject\",\"inLanguage\":\"it-IT\",\"@id\":\"https:\/\/www.festivaldimorgana.it\/web\/tc-events\/rinaldo-e-cavaliere-2\/#primaryimage\",\"url\":\"https:\/\/www.festivaldimorgana.it\/web\/wp-content\/uploads\/2024\/10\/1.Rinaldo-e-cavaliere-scaled-1.jpg\",\"contentUrl\":\"https:\/\/www.festivaldimorgana.it\/web\/wp-content\/uploads\/2024\/10\/1.Rinaldo-e-cavaliere-scaled-1.jpg\",\"width\":2560,\"height\":1181},{\"@type\":\"BreadcrumbList\",\"@id\":\"https:\/\/www.festivaldimorgana.it\/web\/tc-events\/rinaldo-e-cavaliere-2\/#breadcrumb\",\"itemListElement\":[{\"@type\":\"ListItem\",\"position\":1,\"name\":\"Home\",\"item\":\"https:\/\/www.festivaldimorgana.it\/web\/\"},{\"@type\":\"ListItem\",\"position\":2,\"name\":\"Eventi\",\"item\":\"https:\/\/www.festivaldimorgana.it\/web\/tc-events\/\"},{\"@type\":\"ListItem\",\"position\":3,\"name\":\"Rinaldo \u00e8 cavaliere\"}]},{\"@type\":\"WebSite\",\"@id\":\"https:\/\/www.festivaldimorgana.it\/web\/#website\",\"url\":\"https:\/\/www.festivaldimorgana.it\/web\/\",\"name\":\"XLV Festival di Morgana\",\"description\":\"Palermo, 6 \u00b7 16 novembre 2025\",\"publisher\":{\"@id\":\"https:\/\/www.festivaldimorgana.it\/web\/#organization\"},\"potentialAction\":[{\"@type\":\"SearchAction\",\"target\":{\"@type\":\"EntryPoint\",\"urlTemplate\":\"https:\/\/www.festivaldimorgana.it\/web\/?s={search_term_string}\"},\"query-input\":{\"@type\":\"PropertyValueSpecification\",\"valueRequired\":true,\"valueName\":\"search_term_string\"}}],\"inLanguage\":\"it-IT\"},{\"@type\":\"Organization\",\"@id\":\"https:\/\/www.festivaldimorgana.it\/web\/#organization\",\"name\":\"Museo Pasqualino\",\"url\":\"https:\/\/www.festivaldimorgana.it\/web\/\",\"logo\":{\"@type\":\"ImageObject\",\"inLanguage\":\"it-IT\",\"@id\":\"https:\/\/www.festivaldimorgana.it\/web\/#\/schema\/logo\/image\/\",\"url\":\"https:\/\/www.festivaldimorgana.it\/web\/wp-content\/uploads\/2020\/10\/logomuseo.jpg\",\"contentUrl\":\"https:\/\/www.festivaldimorgana.it\/web\/wp-content\/uploads\/2020\/10\/logomuseo.jpg\",\"width\":800,\"height\":303,\"caption\":\"Museo Pasqualino\"},\"image\":{\"@id\":\"https:\/\/www.festivaldimorgana.it\/web\/#\/schema\/logo\/image\/\"},\"sameAs\":[\"https:\/\/www.facebook.com\/MuseoMarionette\"]}]}<\/script>\n<!-- \/ Yoast SEO plugin. -->","yoast_head_json":{"title":"Rinaldo \u00e8 cavaliere - 50\u00b0 Festival di Morgana","robots":{"index":"noindex","follow":"follow"},"og_locale":"it_IT","og_type":"article","og_title":"Rinaldo \u00e8 cavaliere - 50\u00b0 Festival di Morgana","og_description":"PALERMO Teatro dei pupi Kemonia&nbsp; Venerd\u00ec 15 novembre ore 16.30Sabato 16 novembre ore 16.30 Domenica 17 novembre ore 16.30 Venerd\u00ec 22 novembre ore 16.30 Sabato 23 novembre ore 16.30 Rinaldo \u00e8 cavaliere Il negromante Malagigi, sorpreso da strani segnali, si reca nella grotta dove, grazie alle sue arti oscure, convoca al suo cospetto il diavolo [&hellip;]","og_url":"https:\/\/www.festivaldimorgana.it\/web\/tc-events\/rinaldo-e-cavaliere-2\/","og_site_name":"50\u00b0 Festival di Morgana","article_publisher":"https:\/\/www.facebook.com\/MuseoMarionette","article_modified_time":"2024-11-07T12:40:04+00:00","og_image":[{"width":2560,"height":1181,"url":"https:\/\/www.festivaldimorgana.it\/web\/wp-content\/uploads\/2024\/10\/1.Rinaldo-e-cavaliere-scaled-1.jpg","type":"image\/jpeg"}],"twitter_card":"summary_large_image","twitter_misc":{"Tempo di lettura stimato":"2 minuti"},"schema":{"@context":"https:\/\/schema.org","@graph":[{"@type":"WebPage","@id":"https:\/\/www.festivaldimorgana.it\/web\/tc-events\/rinaldo-e-cavaliere-2\/","url":"https:\/\/www.festivaldimorgana.it\/web\/tc-events\/rinaldo-e-cavaliere-2\/","name":"Rinaldo \u00e8 cavaliere - 50\u00b0 Festival di Morgana","isPartOf":{"@id":"https:\/\/www.festivaldimorgana.it\/web\/#website"},"primaryImageOfPage":{"@id":"https:\/\/www.festivaldimorgana.it\/web\/tc-events\/rinaldo-e-cavaliere-2\/#primaryimage"},"image":{"@id":"https:\/\/www.festivaldimorgana.it\/web\/tc-events\/rinaldo-e-cavaliere-2\/#primaryimage"},"thumbnailUrl":"https:\/\/www.festivaldimorgana.it\/web\/wp-content\/uploads\/2024\/10\/1.Rinaldo-e-cavaliere-scaled-1.jpg","datePublished":"2024-10-22T14:31:38+00:00","dateModified":"2024-11-07T12:40:04+00:00","breadcrumb":{"@id":"https:\/\/www.festivaldimorgana.it\/web\/tc-events\/rinaldo-e-cavaliere-2\/#breadcrumb"},"inLanguage":"it-IT","potentialAction":[{"@type":"ReadAction","target":["https:\/\/www.festivaldimorgana.it\/web\/tc-events\/rinaldo-e-cavaliere-2\/"]}]},{"@type":"ImageObject","inLanguage":"it-IT","@id":"https:\/\/www.festivaldimorgana.it\/web\/tc-events\/rinaldo-e-cavaliere-2\/#primaryimage","url":"https:\/\/www.festivaldimorgana.it\/web\/wp-content\/uploads\/2024\/10\/1.Rinaldo-e-cavaliere-scaled-1.jpg","contentUrl":"https:\/\/www.festivaldimorgana.it\/web\/wp-content\/uploads\/2024\/10\/1.Rinaldo-e-cavaliere-scaled-1.jpg","width":2560,"height":1181},{"@type":"BreadcrumbList","@id":"https:\/\/www.festivaldimorgana.it\/web\/tc-events\/rinaldo-e-cavaliere-2\/#breadcrumb","itemListElement":[{"@type":"ListItem","position":1,"name":"Home","item":"https:\/\/www.festivaldimorgana.it\/web\/"},{"@type":"ListItem","position":2,"name":"Eventi","item":"https:\/\/www.festivaldimorgana.it\/web\/tc-events\/"},{"@type":"ListItem","position":3,"name":"Rinaldo \u00e8 cavaliere"}]},{"@type":"WebSite","@id":"https:\/\/www.festivaldimorgana.it\/web\/#website","url":"https:\/\/www.festivaldimorgana.it\/web\/","name":"XLV Festival di Morgana","description":"Palermo, 6 \u00b7 16 novembre 2025","publisher":{"@id":"https:\/\/www.festivaldimorgana.it\/web\/#organization"},"potentialAction":[{"@type":"SearchAction","target":{"@type":"EntryPoint","urlTemplate":"https:\/\/www.festivaldimorgana.it\/web\/?s={search_term_string}"},"query-input":{"@type":"PropertyValueSpecification","valueRequired":true,"valueName":"search_term_string"}}],"inLanguage":"it-IT"},{"@type":"Organization","@id":"https:\/\/www.festivaldimorgana.it\/web\/#organization","name":"Museo Pasqualino","url":"https:\/\/www.festivaldimorgana.it\/web\/","logo":{"@type":"ImageObject","inLanguage":"it-IT","@id":"https:\/\/www.festivaldimorgana.it\/web\/#\/schema\/logo\/image\/","url":"https:\/\/www.festivaldimorgana.it\/web\/wp-content\/uploads\/2020\/10\/logomuseo.jpg","contentUrl":"https:\/\/www.festivaldimorgana.it\/web\/wp-content\/uploads\/2020\/10\/logomuseo.jpg","width":800,"height":303,"caption":"Museo Pasqualino"},"image":{"@id":"https:\/\/www.festivaldimorgana.it\/web\/#\/schema\/logo\/image\/"},"sameAs":["https:\/\/www.facebook.com\/MuseoMarionette"]}]}},"uagb_featured_image_src":{"full":["https:\/\/www.festivaldimorgana.it\/web\/wp-content\/uploads\/2024\/10\/1.Rinaldo-e-cavaliere-scaled-1.jpg",2560,1181,false],"thumbnail":["https:\/\/www.festivaldimorgana.it\/web\/wp-content\/uploads\/2024\/10\/1.Rinaldo-e-cavaliere-scaled-1-150x150.jpg",150,150,true],"medium":["https:\/\/www.festivaldimorgana.it\/web\/wp-content\/uploads\/2024\/10\/1.Rinaldo-e-cavaliere-scaled-1-300x138.jpg",300,138,true],"medium_large":["https:\/\/www.festivaldimorgana.it\/web\/wp-content\/uploads\/2024\/10\/1.Rinaldo-e-cavaliere-scaled-1-768x354.jpg",768,354,true],"large":["https:\/\/www.festivaldimorgana.it\/web\/wp-content\/uploads\/2024\/10\/1.Rinaldo-e-cavaliere-scaled-1-1024x472.jpg",1024,472,true],"1536x1536":["https:\/\/www.festivaldimorgana.it\/web\/wp-content\/uploads\/2024\/10\/1.Rinaldo-e-cavaliere-scaled-1-1536x709.jpg",1536,709,true],"2048x2048":["https:\/\/www.festivaldimorgana.it\/web\/wp-content\/uploads\/2024\/10\/1.Rinaldo-e-cavaliere-scaled-1-2048x945.jpg",2048,945,true]},"uagb_author_info":{"display_name":"radice","author_link":"https:\/\/www.festivaldimorgana.it\/web\/author\/"},"uagb_comment_info":0,"uagb_excerpt":"PALERMO Teatro dei pupi Kemonia&nbsp; Venerd\u00ec 15 novembre ore 16.30Sabato 16 novembre ore 16.30 Domenica 17 novembre ore 16.30 Venerd\u00ec 22 novembre ore 16.30 Sabato 23 novembre ore 16.30 Rinaldo \u00e8 cavaliere Il negromante Malagigi, sorpreso da strani segnali, si reca nella grotta dove, grazie alle sue arti oscure, convoca al suo cospetto il diavolo&hellip;","_links":{"self":[{"href":"https:\/\/www.festivaldimorgana.it\/web\/wp-json\/wp\/v2\/tc_events\/11866","targetHints":{"allow":["GET"]}}],"collection":[{"href":"https:\/\/www.festivaldimorgana.it\/web\/wp-json\/wp\/v2\/tc_events"}],"about":[{"href":"https:\/\/www.festivaldimorgana.it\/web\/wp-json\/wp\/v2\/types\/tc_events"}],"wp:featuredmedia":[{"embeddable":true,"href":"https:\/\/www.festivaldimorgana.it\/web\/wp-json\/wp\/v2\/media\/12030"}],"wp:attachment":[{"href":"https:\/\/www.festivaldimorgana.it\/web\/wp-json\/wp\/v2\/media?parent=11866"}],"wp:term":[{"taxonomy":"event_category","embeddable":true,"href":"https:\/\/www.festivaldimorgana.it\/web\/wp-json\/wp\/v2\/event_category?post=11866"}],"curies":[{"name":"wp","href":"https:\/\/api.w.org\/{rel}","templated":true}]}}